{"id":2998,"date":"2021-03-25T10:55:48","date_gmt":"2021-03-25T09:55:48","guid":{"rendered":"http:\/\/www.vogelsanginstitut.at\/at\/?page_id=2998"},"modified":"2021-03-25T10:55:49","modified_gmt":"2021-03-25T09:55:49","slug":"andreas-khol","status":"publish","type":"page","link":"http:\/\/www.vogelsanginstitut.at\/at\/?page_id=2998","title":{"rendered":"Andreas Khol"},"content":{"rendered":"\n<p>Andreas Khol<\/p>\n\n\n\n<p><br>Der 1941 geborenen Jurist Andreas Khol wurde 1966 Sekret\u00e4r beim \u00d6sterreichischen Verfassungsgerichtshof, gleichzeitig Generalsekret\u00e4r der \u00d6sterreichischen Gesellschaft f\u00fcr Au\u00dfenpolitik. Von 1969 bis 1973 war er Internationaler Beamter im Sekretariat des Europarates. Im Jahre 1974 folgte er einem Ruf an die Spitze der Politischen Akademie der \u00d6VP, die er bis 1993 als Direktor leitete. Er war Gr\u00fcndungs-Exekutivsekret\u00e4r der Europ\u00e4ischen Demokratischen Union 1978, die von Josef Taus als Parteiobmann mit Helmut Kohl, Margaret Thatcher und Jacques Chirac als Internationale der Christdemokraten und Konservativen Parteien \u2013 als Gegengewicht zur Sozialistischen Internationale \u2013 gegr\u00fcndet wurde. Dieses Amt \u00fcbte er bis 1994 aus und machte daraus gemeinsam mit Alois Mock, Chairman der EDU, ein wichtiges Hilfswerkzeug f\u00fcr die Integration \u00d6sterreichs in die Europ\u00e4ische Union und des Einbaus der neuen gleichgesinnten Parteien in den neuen Demokratien nach dem Fall des Eisernen Vorhangs.<br><\/p>\n\n\n\n<p>Zwischen 1983 und 2006 war Khol Abgeordneter zum Nationalrat. Von 1994 bis 1999 sowie von 2000 bis 2002 war er Klubobmann der Parlamentsfraktion der \u00d6VP. Von 2002 bis 2006 war Andreas Khol Erster Pr\u00e4sident des Nationalrates. Daneben \u00fcbte er noch Funktionen als Vorstands- und Pr\u00e4sidiumsmitglied der \u00d6VP und als Bundesobmann des \u00d6VP-Seniorenbundes aus. Seit den 1970er Jahren gibt Khol als Mitherausgeber das Standardwerk \u201e\u00d6sterreichisches Jahrbuch f\u00fcr Politik\u201c heraus. Anfang 2016 wurde Khol als \u00d6VP-Kandidat f\u00fcr die Bundespr\u00e4sidentenwahl in \u00d6sterreich 2016 pr\u00e4sentiert. Nach seiner Wahlniederlage gab Khol bekannt, sich endg\u00fcltig aus der Politik zur\u00fcckzuziehen.<\/p>\n","protected":false},"excerpt":{"rendered":"<p>Andreas Khol Der 1941 geborenen Jurist Andreas Khol wurde 1966 Sekret\u00e4r beim \u00d6sterreichischen Verfassungsgerichtshof, gleichzeitig Generalsekret\u00e4r der \u00d6sterreichischen Gesellschaft f\u00fcr Au\u00dfenpolitik. Von 1969 bis 1973 war er Internationaler Beamter im &#8230;<\/p>\n","protected":false},"author":1,"featured_media":0,"parent":0,"menu_order":0,"comment_status":"closed","ping_status":"closed","template":"","meta":{"footnotes":""},"_links":{"self":[{"href":"http:\/\/www.vogelsanginstitut.at\/at\/index.php?rest_route=\/wp\/v2\/pages\/2998"}],"collection":[{"href":"http:\/\/www.vogelsanginstitut.at\/at\/index.php?rest_route=\/wp\/v2\/pages"}],"about":[{"href":"http:\/\/www.vogelsanginstitut.at\/at\/index.php?rest_route=\/wp\/v2\/types\/page"}],"author":[{"embeddable":true,"href":"http:\/\/www.vogelsanginstitut.at\/at\/index.php?rest_route=\/wp\/v2\/users\/1"}],"replies":[{"embeddable":true,"href":"http:\/\/www.vogelsanginstitut.at\/at\/index.php?rest_route=%2Fwp%2Fv2%2Fcomments&post=2998"}],"version-history":[{"count":1,"href":"http:\/\/www.vogelsanginstitut.at\/at\/index.php?rest_route=\/wp\/v2\/pages\/2998\/revisions"}],"predecessor-version":[{"id":2999,"href":"http:\/\/www.vogelsanginstitut.at\/at\/index.php?rest_route=\/wp\/v2\/pages\/2998\/revisions\/2999"}],"wp:attachment":[{"href":"http:\/\/www.vogelsanginstitut.at\/at\/index.php?rest_route=%2Fwp%2Fv2%2Fmedia&parent=2998"}],"curies":[{"name":"wp","href":"https:\/\/api.w.org\/{rel}","templated":true}]}}