{"id":1721,"date":"2019-05-02T11:19:56","date_gmt":"2019-05-02T09:19:56","guid":{"rendered":"http:\/\/www.vogelsanginstitut.at\/at\/?page_id=1721"},"modified":"2019-05-02T11:19:57","modified_gmt":"2019-05-02T09:19:57","slug":"bestandsuebersicht","status":"publish","type":"page","link":"http:\/\/www.vogelsanginstitut.at\/at\/?page_id=1721","title":{"rendered":"Bestands\u00fcbersicht"},"content":{"rendered":"\n<p><strong>Bestands\u00fcbersicht\ndes Archiv des <\/strong><strong>Karl von\nVogelsang-Instituts <\/strong>(Stand 2019)<\/p>\n\n\n\n<p>Das Karl von\nVogelsang-Institut verwahrt die Archivbest\u00e4nde der \u00d6sterreichischen Volkspartei\nseit der Gr\u00fcndung 1945. Diese beinhalten die Korrespondenz der Bundes- und\nLandesorganisationen, Berichte \u00fcber Parteit\u00e4tigkeit, Situationseinsch\u00e4tzungen\nsowie Protokolle von leitenden Gremien und Tagungen.<\/p>\n\n\n\n<p>Thematische\nUnterteilung:<\/p>\n\n\n\n<p>Innenpolitik (mit\nSchwerpunkt alliierter Besatzung und \u00d6VP-Regierungsbeteiligung)<\/p>\n\n\n\n<p>Au\u00dfenpolitik\n(Geschichte des Staatsvertrags, Europ\u00e4ische Integration)<\/p>\n\n\n\n<p>Wirtschaft und\nAu\u00dfenhandel (mit Schwerpunkt auf den Bereich Verstaatlichungen und Energie)<\/p>\n\n\n\n<p>Kultur (Bildungs-\nund Forschungspolitik)<\/p>\n\n\n\n<p>Landesverteidigung\/Bundesheer<\/p>\n\n\n\n<p>Land- und\nForstwirtschaft<\/p>\n\n\n\n<p>Regierungsangelegenheiten\n\/ Parlamentsvorlagen<\/p>\n\n\n\n<p>Landes- und\nKommunalpolitik \/ F\u00f6deralismus<\/p>\n\n\n\n<p>Rundfunk und Presse<\/p>\n\n\n\n<p>Kontrollberichte\n(Rechnungshof und Nationalbank)<\/p>\n\n\n\n<p>\u00d6VP-Generalsekretariat<\/p>\n\n\n\n<p>Parteiprogrammatik<\/p>\n\n\n\n<p>Frauenpolitik<\/p>\n\n\n\n<p>Kultus- und\nReligionsangelegenheiten<\/p>\n\n\n\n<p><strong>Nachl\u00e4sse, Vorl\u00e4sse und Einzelbest\u00e4nde<\/strong><\/p>\n\n\n\n<p>Besonderes\nAugenmerk wurde seitens des Karl von Vogelsang-Instituts auf Nachl\u00e4sse (inkl.\nVorl\u00e4sse) gelegt. Grunds\u00e4tzlich ist f\u00fcr jeden Nachlass\/Vorlass folgendes\nangegeben: Name, Bestandssignatur, Angaben zur Person, Beruf, T\u00e4tigkeit, \u00c4mter,\ninhaltliche Kurzbeschreibung und Umfang des Bestandes, Angaben \u00fcber weitere\nVerwahrstellen bei Teilnachl\u00e4ssen.<\/p>\n\n\n\n<p>Das Institut\nverwahrt unter anderem Einzelbest\u00e4nde folgender Pers\u00f6nlichkeiten:<\/p>\n\n\n\n<p>Karl von Vogelsang<\/p>\n\n\n\n<p>Julius Raab<\/p>\n\n\n\n<p>Leopold Figl<\/p>\n\n\n\n<p>Leopold Kunschak<\/p>\n\n\n\n<p>Fritz Bock<\/p>\n\n\n\n<p>Felix Hurdes<\/p>\n\n\n\n<p>Karl Lugmayer<\/p>\n\n\n\n<p>Alfred Maleta<\/p>\n\n\n\n<p>Lois Weinberger<\/p>\n\n\n\n<p>Alfons Gorbach<\/p>\n\n\n\n<p>Josef Klaus<\/p>\n\n\n\n<p>Hermann Withalm<\/p>\n\n\n\n<p>Heinrich Drimmel<\/p>\n\n\n\n<p>Karl Schleinzer<\/p>\n\n\n\n<p>Ludwig Steiner<\/p>\n\n\n\n<p>Erhard Busek<\/p>\n\n\n\n<p>Alois Mock<\/p>\n\n\n\n<p>Franz Karasek<\/p>\n\n\n\n<p>Clemens Steindl<\/p>\n\n\n\n<p>Wolfgang Sch\u00fcssel<\/p>\n\n\n\n<p>Elisabeth Gehrer<\/p>\n\n\n\n<p>Franz Morak<\/p>\n\n\n\n<p>Maria Schaumayer<\/p>\n\n\n\n<p>Franz Fiedler<\/p>\n\n\n\n<p><strong>Spezialbereiche<\/strong><\/p>\n\n\n\n<ul><li>Archiv\n     der \u00d6VP-Bundespartei \/ Archiv des \u00d6VP-Generalsekretariats ab 1945<\/li><\/ul>\n\n\n\n<ul><li>Archivmaterial des \u00d6VP-Parlamentsklubs 1945 bis 2000 (Klubprotokolle)<\/li><\/ul>\n\n\n\n<ul><li>Historisches Archiv der \u00d6VP Wien 1945-2010 (LPT, Vorstandsprotokolle)<\/li><\/ul>\n\n\n\n<ul><li>Materialien zur Geschichte der \u00d6sterreichischen Jugendbewegung (Junge \u00d6VP)\nund Frauenpolitik nach 1945<\/li><\/ul>\n\n\n\n<ul><li>N\u00d6 Bauernbund (Subbest\u00e4nde Leopold Figl, Josef Kraus)<\/li><\/ul>\n\n\n\n<ul><li>\u00d6AAB-Vorstandsprotokolle 1955-1990<\/li><\/ul>\n\n\n\n<ul><li>Archivalien aus dem Bereich Universit\u00e4t und Hochsch\u00fclerschaft<\/li><\/ul>\n\n\n\n<ul><li>Sitzungsunterlagen der \u00d6VP-Bundes- und Landesparteitage (Best\u00e4nde nicht\ngeschlossen)<\/li><\/ul>\n\n\n\n<ul><li>Literarisches Archiv von Karl Freiherr von Vogelsang<\/li><\/ul>\n\n\n\n<ul><li>Zeitschriftenarchiv des \u201eVolksblattes\u201c<\/li><\/ul>\n\n\n\n<ul><li>Korrespondenz, Berichte und Protokolle der Europ\u00e4isch Demokratischen\nUnion (EDU) und der Internationalen Demokratischen Union (IDU) ab 1978<\/li><\/ul>\n\n\n\n<ul><li>Spezialbestand N\u00fcrnberger Prozesse \/\u00c4rzteprozesse 1946\/1947<\/li><\/ul>\n\n\n\n<p>(\u00dcberlassung aus dem Besitz Strafverteidiger Dr. Gustav Steinbauer)<\/p>\n\n\n\n<ul><li>Evangelischer Arbeitskreis EAK&nbsp; <\/li><\/ul>\n\n\n\n<ul><li>\u00d6sterreichische Frauenunion \u00d6FU <\/li><\/ul>\n\n\n\n<ul><li>\u00d6sterreichische Sch\u00fclerunion <\/li><\/ul>\n\n\n\n<p><strong>Filmarchiv<\/strong><\/p>\n\n\n\n<p>Als bedeutende\nzeithistorische Prim\u00e4rquellen k\u00f6nnen auch die Filmmaterialien (1949 \u2013 1990),\nwie Wochenschauberichte, Wahl- und Propagandafilme etc. angesehen werden, die\nsich im Besitz des Karl von Vogelsang-Instituts befinden.<\/p>\n\n\n\n<p>Aus Gr\u00fcnden der\nklimatisierten Verwahrung wurden zahlreiche Filme dem Filmarchiv Austria\n\u00fcbergeben. Eigentumsrechte und auch Nutzungsgenehmigungen sind aber beim\nInstitut verblieben. <\/p>\n\n\n\n<p><strong>Tonarchiv<\/strong><\/p>\n\n\n\n<p>Analog zum\nFilmarchiv sind auch hunderte Tonspulen und Magnetophonb\u00e4nder (ab 1958) als bedeutende\nGeschichtsquellen hervorzuheben. In diesem Fall hat sich die Zusammenarbeit mit\nder \u00d6sterreichischen Mediathek au\u00dferordentlich bew\u00e4hrt und es wurden zahlreiche\nTondokumente aus Gr\u00fcnden der verwahrtechnischen Bedingungen ausgelagert. Auch\nhier verblieben Eigentumsrechte und auch Nutzungsgenehmigungen beim Institut.<\/p>\n\n\n\n<p><strong>Foto- und Plakatarchiv<\/strong><\/p>\n\n\n\n<p>Einen besonderen\nStellenwert im Gesamtbestand nehmen Plakate und Photographien ein. Die\numfangreiche Plakatsammlung des KvVI ist eine der gr\u00f6\u00dften Kollektionen politischer\nPlakate in \u00d6sterreich. <\/p>\n\n\n\n<p>Inhaltlich umfasst\nder Plakatbestand folgende Schwerpunkte:<\/p>\n\n\n\n<ul><li>Politische Plakate allgemein 1920 \u2013 2019<\/li><li>\u00d6VP-Wahlplakate 1945 \u2013 2019<\/li><li>Plakate anderer \u00f6sterreichischer Parteien (SP\u00d6, VdU\/FP\u00d6, KP\u00d6, Gr\u00fcne)<\/li><li>Ausl\u00e4ndische Parteiplakate (Deutschland, Italien, Schweiz)<\/li><li>Informations- und Ank\u00fcndigungsplakate (oftmals mit kultureller oder\nsportlicher Ausrichtung ohne direktem parteipolitischen Bezug)<\/li><\/ul>\n\n\n\n<p>Durch die\nZugangserleichterung des Plakatarchivs mittels Reproduktion auf Dias ist eine\nanwenderfreundliche Nutzung sichergestellt (Projektion, Fotoanfertigung,\nDruckerei). <\/p>\n\n\n\n<p><strong>Das Archiv der Christlich-Sozialen Partei\n\u00d6sterreichs 1889-1934<\/strong><\/p>\n\n\n\n<p>Im Jahre 2004 gelang es dem Karl von\nVogelsang-Institut durch das freundliche Entgegenkommen des \u00d6sterreichischen\nStaatsarchivs, wesentliche Dokumente zur Geschichte der Christlichsozialen\nPartei in \u00d6sterreich zu \u00fcbernehmen. <\/p>\n\n\n\n<p>Die \u00fcbernommenen Materialien setzen sich vor\nallem aus Dokumenten des Christlichsozialen Parlamentsklubs, genauer der\nVereinigung Christlichsozialer deutscher Abgeordneter im Parlament ab dem Jahre\n1891, sowie der Wiener Landespartei der Christlichsozialen zusammen. <\/p>\n\n\n\n<p>Der nun im Karl von Vogelsang-Institut\narchivierte Bestand ist gem\u00e4\u00df den geltenden Archivbenutzungsbedingungen f\u00fcr die\nForschung frei zug\u00e4nglich. Der Bestand wurde seit der \u00dcbernahme von mehr als 70\nForschern konsultiert, was einerseits das rege Interesse an diesem Teil der\n\u00f6sterreichischen Parteiengeschichte dokumentiert, andererseits auch deutlich\nmacht, dass diesem Quellenmaterial eine zentrale Rolle f\u00fcr die politische\nGeschichte \u00d6sterreichs von der Wende vom 19. zum 20. Jahrhundert bis in die\n1930er Jahre zukommt. Insgesamt umfasst der Bestand 208 Archivboxen.<\/p>\n","protected":false},"excerpt":{"rendered":"<p>Bestands\u00fcbersicht des Archiv des Karl von Vogelsang-Instituts (Stand 2019) Das Karl von Vogelsang-Institut verwahrt die Archivbest\u00e4nde der \u00d6sterreichischen Volkspartei seit der Gr\u00fcndung 1945. Diese beinhalten die Korrespondenz der Bundes- und &#8230;<\/p>\n","protected":false},"author":1,"featured_media":0,"parent":0,"menu_order":0,"comment_status":"closed","ping_status":"closed","template":"","meta":{"footnotes":""},"_links":{"self":[{"href":"http:\/\/www.vogelsanginstitut.at\/at\/index.php?rest_route=\/wp\/v2\/pages\/1721"}],"collection":[{"href":"http:\/\/www.vogelsanginstitut.at\/at\/index.php?rest_route=\/wp\/v2\/pages"}],"about":[{"href":"http:\/\/www.vogelsanginstitut.at\/at\/index.php?rest_route=\/wp\/v2\/types\/page"}],"author":[{"embeddable":true,"href":"http:\/\/www.vogelsanginstitut.at\/at\/index.php?rest_route=\/wp\/v2\/users\/1"}],"replies":[{"embeddable":true,"href":"http:\/\/www.vogelsanginstitut.at\/at\/index.php?rest_route=%2Fwp%2Fv2%2Fcomments&post=1721"}],"version-history":[{"count":1,"href":"http:\/\/www.vogelsanginstitut.at\/at\/index.php?rest_route=\/wp\/v2\/pages\/1721\/revisions"}],"predecessor-version":[{"id":1722,"href":"http:\/\/www.vogelsanginstitut.at\/at\/index.php?rest_route=\/wp\/v2\/pages\/1721\/revisions\/1722"}],"wp:attachment":[{"href":"http:\/\/www.vogelsanginstitut.at\/at\/index.php?rest_route=%2Fwp%2Fv2%2Fmedia&parent=1721"}],"curies":[{"name":"wp","href":"https:\/\/api.w.org\/{rel}","templated":true}]}}